{"id":10997,"date":"2022-05-05T15:51:49","date_gmt":"2022-05-05T13:51:49","guid":{"rendered":"https:\/\/www.knjiznica.it\/events\/ts-odprtje-razstave-anje-krizmancic\/"},"modified":"2022-05-06T11:58:57","modified_gmt":"2022-05-06T09:58:57","slug":"ts-odprtje-razstave-anje-krizmancic","status":"publish","type":"mec-events","link":"https:\/\/knjiznica.it\/it\/events\/ts-odprtje-razstave-anje-krizmancic\/","title":{"rendered":"TS &#8211; Vernissage della mostra di Anja Kri\u017eman\u010di\u010d"},"content":{"rendered":"<p><img fetchpriority=\"high\" decoding=\"async\" class=\"size-medium wp-image-10989 alignleft\" src=\"https:\/\/knjiznica.it\/wp-content\/uploads\/2022\/05\/psicek-1-225x300.jpg\" alt=\"\" width=\"225\" height=\"300\" \/><\/p>\n<p>Siete gentilmente invitati al vernissage della mostra pittorica di Anja Kri\u017eman\u010di\u010d gioved\u00ec 12 maggio alle 18.00 presso la Sezione ragazzi della Biblioteca nazionale slovena e degli studi in via Filzi 14. L\u2019artista e le sue opere verranno presentate da Alina Carli, storica dell&#8217;arte e redattrice della rivista letteraria per bambini Galeb. Intermezzo musicale a cura di Maja Locatelli (arpa), allieva della prof. Tatiana Donis presso la scuola di musica Glasbena matica.<\/p>\n<p>Info e prenotazioni: mladinskioddelek@knjiznica.it, 040\/9896153. Seguiteci anche sui social!<\/p>\n<p><img decoding=\"async\" class=\"alignnone wp-image-4818\" src=\"https:\/\/knjiznica.it\/wp-content\/uploads\/2021\/01\/NSK_logo_slo_ita_SPLETlogo.png\" alt=\"\" width=\"155\" height=\"65\" \/> \u00a0 \u00a0 \u00a0 <img decoding=\"async\" class=\"alignnone wp-image-10749\" src=\"https:\/\/knjiznica.it\/wp-content\/uploads\/2022\/04\/logo_mladibralci-300x109-1.png\" alt=\"\" width=\"193\" height=\"70\" \/> \u00a0\u00a0\u00a0\u00a0\u00a0 <img loading=\"lazy\" decoding=\"async\" class=\"alignnone wp-image-10996\" src=\"https:\/\/knjiznica.it\/wp-content\/uploads\/2022\/05\/gm_logotip-1-e1651829381280.png\" alt=\"\" width=\"112\" height=\"70\" \/><\/p>\n","protected":false},"excerpt":{"rendered":"<p>Siete gentilmente invitati al vernissage della mostra pittorica di Anja Kri\u017eman\u010di\u010d gioved\u00ec 12 maggio alle 18.00 presso la Sezione ragazzi della Biblioteca nazionale slovena e degli studi in via Filzi [&hellip;]<\/p>\n","protected":false},"author":2,"featured_media":0,"comment_status":"closed","ping_status":"closed","template":"","tags":[],"mec_category":[114],"class_list":["post-10997","mec-events","type-mec-events","status-publish","hentry","mec_category-mostra"],"acf":[],"_links":{"self":[{"href":"https:\/\/knjiznica.it\/it\/wp-json\/wp\/v2\/mec-events\/10997","targetHints":{"allow":["GET"]}}],"collection":[{"href":"https:\/\/knjiznica.it\/it\/wp-json\/wp\/v2\/mec-events"}],"about":[{"href":"https:\/\/knjiznica.it\/it\/wp-json\/wp\/v2\/types\/mec-events"}],"author":[{"embeddable":true,"href":"https:\/\/knjiznica.it\/it\/wp-json\/wp\/v2\/users\/2"}],"replies":[{"embeddable":true,"href":"https:\/\/knjiznica.it\/it\/wp-json\/wp\/v2\/comments?post=10997"}],"version-history":[{"count":1,"href":"https:\/\/knjiznica.it\/it\/wp-json\/wp\/v2\/mec-events\/10997\/revisions"}],"predecessor-version":[{"id":10998,"href":"https:\/\/knjiznica.it\/it\/wp-json\/wp\/v2\/mec-events\/10997\/revisions\/10998"}],"wp:attachment":[{"href":"https:\/\/knjiznica.it\/it\/wp-json\/wp\/v2\/media?parent=10997"}],"wp:term":[{"taxonomy":"post_tag","embeddable":true,"href":"https:\/\/knjiznica.it\/it\/wp-json\/wp\/v2\/tags?post=10997"},{"taxonomy":"mec_category","embeddable":true,"href":"https:\/\/knjiznica.it\/it\/wp-json\/wp\/v2\/mec_category?post=10997"}],"curies":[{"name":"wp","href":"https:\/\/api.w.org\/{rel}","templated":true}]}}