{"id":13405,"date":"2022-09-26T14:50:37","date_gmt":"2022-09-26T12:50:37","guid":{"rendered":"https:\/\/www.knjiznica.it\/?post_type=mec-events&#038;p=13405"},"modified":"2022-09-27T18:25:59","modified_gmt":"2022-09-27T16:25:59","slug":"ts-lincontro-con-la-fiaba-yoga","status":"publish","type":"mec-events","link":"https:\/\/knjiznica.it\/it\/events\/ts-lincontro-con-la-fiaba-yoga\/","title":{"rendered":"TS &#8211; L&#8217;incontro con la fiaba + yoga"},"content":{"rendered":"<p>&#8220;La lettura \u00e8 per la mente quel che l&#8217;esercizio \u00e8 per il corpo&#8221; afferma lo scrittore irlandese Richard Steel in un suo celebre aforisma. E questo \u00e8 anche il motto del Mese nazionale della lettura condivisa 2022 (Nacionalni mesec skupnega branja) e del primo incontro con la fiaba della stagione.<\/p>\n<p><img fetchpriority=\"high\" decoding=\"async\" class=\"size-medium wp-image-13339 alignleft\" src=\"https:\/\/knjiznica.it\/wp-content\/uploads\/2022\/09\/81kdp-cjd6Lrum-300x300.jpg\" alt=\"\" width=\"300\" height=\"300\" \/>L&#8217;immancabile appuntamento si terr\u00e0<strong> marted\u00ec 4 ottobre alle 17<\/strong> nella Sezione Ragazzi in via F. Filzi 14. Per l&#8217;occasione la bibliotecaria racconter\u00e0 la storia Joga mal\u010dki\/Lo yoga dei piccini. I bambini proveranno le basi di questa disciplina rilassante che porta benessere, ma anche tanto divertimento nell&#8217;imitare le posizioni di tanti animali. Invitiamo quindi i nostri piccoli partecipanti a portare con s\u00e9, se possibile, un materassino!<\/p>\n<p>&nbsp;<\/p>\n<p><strong>La replica<\/strong> si terr\u00e0 gioved\u00ec 6 ottobre alle 17.<\/p>\n<p>Gli incontri con la fiaba ci accompagneranno per tutto l&#8217;anno scolastico fino a met\u00e0 maggio. I racconti saranno seguiti da un laboratorio creativo adatto ai bambini a partire dai 3 anni di et\u00e0. Per maggiori informazioni consultate la nostra pagina web <a href=\"https:\/\/knjiznica.it\">www.knjiznica.it<\/a>, chiamateci al 040\/9896153 oppure scriveteci all&#8217;indirizzo <a href=\"mailto:mladinskioddelek@knjiznica.it\">mladinskioddelek@knjiznica.it<\/a>.<\/p>\n<p>&nbsp;<\/p>\n<p>&nbsp;<\/p>\n<p><strong>Calendario degli incontri:<\/strong><\/p>\n<p>18 e 20 ottobre<\/p>\n<p>8 e 10 novembre<\/p>\n<p>22 e 24 novembre<\/p>\n<p>13 e 15 dicembre<\/p>\n<p>17 e 19 gennaio<\/p>\n<p>31 gennaio e 2 febbraio<\/p>\n<p>14 e 16 febbraio<\/p>\n<p>28 febbraio e 2 marzo<\/p>\n<p>14 e 16 marzo<\/p>\n<p>28 e 30 marzo<\/p>\n<p>18 e 20 aprile<\/p>\n<p>2 e 4 maggio<\/p>\n<p>16 e 18 maggio<\/p>\n","protected":false},"excerpt":{"rendered":"<p>&#8220;La lettura \u00e8 per la mente quel che l&#8217;esercizio \u00e8 per il corpo&#8221; afferma lo scrittore irlandese Richard Steel in un suo celebre aforisma. E questo \u00e8 anche il motto [&hellip;]<\/p>\n","protected":false},"author":5,"featured_media":0,"comment_status":"closed","ping_status":"closed","template":"","tags":[],"mec_category":[111],"class_list":["post-13405","mec-events","type-mec-events","status-publish","hentry","mec_category-incontri-con-la-fiaba"],"acf":[],"_links":{"self":[{"href":"https:\/\/knjiznica.it\/it\/wp-json\/wp\/v2\/mec-events\/13405","targetHints":{"allow":["GET"]}}],"collection":[{"href":"https:\/\/knjiznica.it\/it\/wp-json\/wp\/v2\/mec-events"}],"about":[{"href":"https:\/\/knjiznica.it\/it\/wp-json\/wp\/v2\/types\/mec-events"}],"author":[{"embeddable":true,"href":"https:\/\/knjiznica.it\/it\/wp-json\/wp\/v2\/users\/5"}],"replies":[{"embeddable":true,"href":"https:\/\/knjiznica.it\/it\/wp-json\/wp\/v2\/comments?post=13405"}],"version-history":[{"count":0,"href":"https:\/\/knjiznica.it\/it\/wp-json\/wp\/v2\/mec-events\/13405\/revisions"}],"wp:attachment":[{"href":"https:\/\/knjiznica.it\/it\/wp-json\/wp\/v2\/media?parent=13405"}],"wp:term":[{"taxonomy":"post_tag","embeddable":true,"href":"https:\/\/knjiznica.it\/it\/wp-json\/wp\/v2\/tags?post=13405"},{"taxonomy":"mec_category","embeddable":true,"href":"https:\/\/knjiznica.it\/it\/wp-json\/wp\/v2\/mec_category?post=13405"}],"curies":[{"name":"wp","href":"https:\/\/api.w.org\/{rel}","templated":true}]}}