{"id":16862,"date":"2023-05-19T11:56:39","date_gmt":"2023-05-19T09:56:39","guid":{"rendered":"https:\/\/www.knjiznica.it\/events\/ts-pravljicno-kreativno-srecanje-s-stefanom-turkom\/"},"modified":"2023-05-19T12:38:19","modified_gmt":"2023-05-19T10:38:19","slug":"ts-pravljicno-kreativno-srecanje-s-stefanom-turkom","status":"publish","type":"mec-events","link":"https:\/\/knjiznica.it\/it\/events\/ts-pravljicno-kreativno-srecanje-s-stefanom-turkom\/","title":{"rendered":"TS &#8211; Incontro creativo con \u0160tefan Turk"},"content":{"rendered":"<p><img fetchpriority=\"high\" decoding=\"async\" class=\"alignnone wp-image-16855 size-medium\" src=\"https:\/\/knjiznica.it\/wp-content\/uploads\/2023\/05\/Cudezne_bedede_trgovina-1-e1684492553792-300x300.png\" alt=\"\" width=\"300\" height=\"300\" srcset=\"https:\/\/knjiznica.it\/wp-content\/uploads\/2023\/05\/Cudezne_bedede_trgovina-1-e1684492553792-300x300.png 300w, https:\/\/knjiznica.it\/wp-content\/uploads\/2023\/05\/Cudezne_bedede_trgovina-1-e1684492553792-150x150.png 150w, https:\/\/knjiznica.it\/wp-content\/uploads\/2023\/05\/Cudezne_bedede_trgovina-1-e1684492553792.png 600w\" sizes=\"(max-width: 300px) 100vw, 300px\" \/> \u00a0\u00a0\u00a0\u00a0 <img decoding=\"async\" class=\"alignnone wp-image-16858\" src=\"https:\/\/knjiznica.it\/wp-content\/uploads\/2023\/05\/page_1-288x300.jpg\" alt=\"\" width=\"288\" height=\"300\" srcset=\"https:\/\/knjiznica.it\/wp-content\/uploads\/2023\/05\/page_1-288x300.jpg 288w, https:\/\/knjiznica.it\/wp-content\/uploads\/2023\/05\/page_1-982x1024.jpg 982w, https:\/\/knjiznica.it\/wp-content\/uploads\/2023\/05\/page_1-768x801.jpg 768w, https:\/\/knjiznica.it\/wp-content\/uploads\/2023\/05\/page_1-830x865.jpg 830w, https:\/\/knjiznica.it\/wp-content\/uploads\/2023\/05\/page_1-940x980.jpg 940w, https:\/\/knjiznica.it\/wp-content\/uploads\/2023\/05\/page_1.jpg 1435w\" sizes=\"(max-width: 288px) 100vw, 288px\" \/><\/p>\n<div class=\"mec-single-event-description mec-events-content\">\n<div class=\"flex flex-grow flex-col gap-3\">\n<div class=\"min-h-[20px] flex flex-col items-start gap-4 whitespace-pre-wrap\">\n<div class=\"markdown prose w-full break-words dark:prose-invert light\">\n<p>Siete invitati all\u2019incontro con l&#8217;illustratore \u0160tefan Turk, marted\u00ec 23 maggio alle 17.00, presso la Sezione ragazzi della Biblioteca nazionale slovena e degli studi.<\/p>\n<p>Nella prima parte dell\u2019incontro ascolteremo due storie, raccontate da \u0160tefan Turk, la storia \u010cude\u017ene besede di Miha Mazzini e la storia Telovadec Nikolaj pre\u017eene tolovaje di Klarisa Jovanovi\u0107. Nella seconda parte dell\u2019incontro invece si terr\u00e0 un laboratorio creativo con l&#8217;illustratore adatto ai bambini dai 5 anni d&#8217;et\u00e0.<\/p>\n<\/div>\n<\/div>\n<\/div>\n<\/div>\n","protected":false},"excerpt":{"rendered":"<p>\u00a0\u00a0\u00a0\u00a0 Siete invitati all\u2019incontro con l&#8217;illustratore \u0160tefan Turk, marted\u00ec 23 maggio alle 17.00, presso la Sezione ragazzi della Biblioteca nazionale slovena e degli studi. Nella prima parte dell\u2019incontro ascolteremo due [&hellip;]<\/p>\n","protected":false},"author":2,"featured_media":0,"comment_status":"closed","ping_status":"closed","template":"","tags":[],"mec_category":[115],"class_list":["post-16862","mec-events","type-mec-events","status-publish","hentry","mec_category-incontro-con-lautore"],"acf":[],"_links":{"self":[{"href":"https:\/\/knjiznica.it\/it\/wp-json\/wp\/v2\/mec-events\/16862","targetHints":{"allow":["GET"]}}],"collection":[{"href":"https:\/\/knjiznica.it\/it\/wp-json\/wp\/v2\/mec-events"}],"about":[{"href":"https:\/\/knjiznica.it\/it\/wp-json\/wp\/v2\/types\/mec-events"}],"author":[{"embeddable":true,"href":"https:\/\/knjiznica.it\/it\/wp-json\/wp\/v2\/users\/2"}],"replies":[{"embeddable":true,"href":"https:\/\/knjiznica.it\/it\/wp-json\/wp\/v2\/comments?post=16862"}],"version-history":[{"count":0,"href":"https:\/\/knjiznica.it\/it\/wp-json\/wp\/v2\/mec-events\/16862\/revisions"}],"wp:attachment":[{"href":"https:\/\/knjiznica.it\/it\/wp-json\/wp\/v2\/media?parent=16862"}],"wp:term":[{"taxonomy":"post_tag","embeddable":true,"href":"https:\/\/knjiznica.it\/it\/wp-json\/wp\/v2\/tags?post=16862"},{"taxonomy":"mec_category","embeddable":true,"href":"https:\/\/knjiznica.it\/it\/wp-json\/wp\/v2\/mec_category?post=16862"}],"curies":[{"name":"wp","href":"https:\/\/api.w.org\/{rel}","templated":true}]}}