{"id":24450,"date":"2025-01-29T12:21:03","date_gmt":"2025-01-29T11:21:03","guid":{"rendered":"https:\/\/www.knjiznica.it\/events\/go-pravljicna-urica-s-slovenskim-stalnim-gledaliscem\/"},"modified":"2025-01-29T12:24:28","modified_gmt":"2025-01-29T11:24:28","slug":"go-pravljicna-urica-s-slovenskim-stalnim-gledaliscem","status":"publish","type":"mec-events","link":"https:\/\/knjiznica.it\/it\/events\/go-pravljicna-urica-s-slovenskim-stalnim-gledaliscem\/","title":{"rendered":"GO &#8211; Incontro con la fiaba e il Teatro Stabile Sloveno"},"content":{"rendered":"<p><span style=\"color: #993366;\"><strong>il prossimo incontro con la fiaba alla Biblioteca Feigel si terr\u00e0 luned\u00ec 3 febbraio alle 17.30. Ad attendere i bambini ci sar\u00e0 lo spettacolo Tinko Polovinko del Teatro Stabile Sloveno. Ingresso libero.<\/strong><\/span><\/p>\n<p>Tinko \u00e8 un bambino speciale che al mattino si mette solo un paio di pantaloni e una manica, un paio di calzini e un paio di scarpe. Si lava solo la met\u00e0 superiore dei denti, beve solo mezzo bicchiere di latte e arriva a scuola solo a met\u00e0 strada. Perch\u00e9 vede met\u00e0 del mondo com&#8217;\u00e8 realmente e met\u00e0 del mondo come vorrebbe che fosse. Lo spettacolo celebra l&#8217;amicizia tra l&#8217;immaginazione e il mondo reale delle regole quotidiane.<\/p>\n<p><img fetchpriority=\"high\" decoding=\"async\" class=\"size-medium wp-image-24445 alignleft\" src=\"https:\/\/knjiznica.it\/wp-content\/uploads\/2025\/01\/Tinko-Polovinko-spletna-stran__ScaleHeightWzYwMF0-200x300.jpg\" alt=\"\" width=\"200\" height=\"300\" \/><\/p>\n<p>&nbsp;<\/p>\n<p>Janez Bitenc<br \/>\n<strong>Tinko Polovinko<\/strong><br \/>\nRegia: Nika Bezeljak<br \/>\nAdattamento: Nika Bezeljak in Jernej \u010campelj<br \/>\nScenografia: Danijel Modrej<br \/>\nMusiche: Dejan Marki\u010d<br \/>\nCon: Jernej \u010campelj<\/p>\n<p>&nbsp;<\/p>\n<p>&nbsp;<\/p>\n<p>&nbsp;<\/p>\n<p>Gli incontri con le fiabe a Gorizia \u2013 ogni luned\u00ec alle 17.30!<br \/>\nAnche quest\u2019anno la Biblioteca Feigel ospiter\u00e0 una serie di narratori come Bogdan Podver\u0161i\u010d, Melita Malalan, Sofia Gergolet e Ljuba Kru\u0161i\u010d. Inoltre, saranno ospiti il Teatro stabile sloveno di Trieste, il gruppo Kamishibai Furje z burje, i volontari del progetto Librilliamo e altre piacevoli sorprese.<br \/>\nEntrata libera.<\/p>\n","protected":false},"excerpt":{"rendered":"<p>il prossimo incontro con la fiaba alla Biblioteca Feigel si terr\u00e0 luned\u00ec 3 febbraio alle 17.30. Ad attendere i bambini ci sar\u00e0 lo spettacolo Tinko Polovinko del Teatro Stabile Sloveno. [&hellip;]<\/p>\n","protected":false},"author":11,"featured_media":0,"comment_status":"closed","ping_status":"closed","template":"","tags":[],"mec_category":[111],"class_list":["post-24450","mec-events","type-mec-events","status-publish","hentry","mec_category-incontri-con-la-fiaba"],"acf":[],"_links":{"self":[{"href":"https:\/\/knjiznica.it\/it\/wp-json\/wp\/v2\/mec-events\/24450","targetHints":{"allow":["GET"]}}],"collection":[{"href":"https:\/\/knjiznica.it\/it\/wp-json\/wp\/v2\/mec-events"}],"about":[{"href":"https:\/\/knjiznica.it\/it\/wp-json\/wp\/v2\/types\/mec-events"}],"author":[{"embeddable":true,"href":"https:\/\/knjiznica.it\/it\/wp-json\/wp\/v2\/users\/11"}],"replies":[{"embeddable":true,"href":"https:\/\/knjiznica.it\/it\/wp-json\/wp\/v2\/comments?post=24450"}],"version-history":[{"count":3,"href":"https:\/\/knjiznica.it\/it\/wp-json\/wp\/v2\/mec-events\/24450\/revisions"}],"predecessor-version":[{"id":24451,"href":"https:\/\/knjiznica.it\/it\/wp-json\/wp\/v2\/mec-events\/24450\/revisions\/24451"}],"wp:attachment":[{"href":"https:\/\/knjiznica.it\/it\/wp-json\/wp\/v2\/media?parent=24450"}],"wp:term":[{"taxonomy":"post_tag","embeddable":true,"href":"https:\/\/knjiznica.it\/it\/wp-json\/wp\/v2\/tags?post=24450"},{"taxonomy":"mec_category","embeddable":true,"href":"https:\/\/knjiznica.it\/it\/wp-json\/wp\/v2\/mec_category?post=24450"}],"curies":[{"name":"wp","href":"https:\/\/api.w.org\/{rel}","templated":true}]}}